{"id":3593,"date":"2019-10-23T10:31:12","date_gmt":"2019-10-23T08:31:12","guid":{"rendered":"https:\/\/www.bartmaes.eu\/fichier\/"},"modified":"2022-01-26T12:24:11","modified_gmt":"2022-01-26T11:24:11","slug":"fichier","status":"publish","type":"page","link":"https:\/\/www.bartmaes.eu\/fr\/fichier\/","title":{"rendered":"fichier"},"content":{"rendered":"<div class=\"fusion-fullwidth fullwidth-box fusion-builder-row-1 nonhundred-percent-fullwidth non-hundred-percent-height-scrolling\" style=\"background-color: rgba(255,255,255,0);background-position: center center;background-repeat: no-repeat;padding-top:0px;padding-right:0px;padding-bottom:0px;padding-left:0px;margin-bottom: 0px;margin-top: 0px;border-width: 0px 0px 0px 0px;border-color:#eae9e9;border-style:solid;\" ><div class=\"fusion-builder-row fusion-row\"><div class=\"fusion-layout-column fusion_builder_column fusion-builder-column-0 fusion_builder_column_1_1 1_1 fusion-one-full fusion-column-first fusion-column-last\" style=\"margin-top:0px;margin-bottom:20px;\"><div class=\"fusion-column-wrapper fusion-flex-column-wrapper-legacy\" style=\"background-position:left top;background-repeat:no-repeat;-webkit-background-size:cover;-moz-background-size:cover;-o-background-size:cover;background-size:cover;padding: 0px 0px 0px 0px;\"><div class=\"fusion-blog-shortcode fusion-blog-shortcode-1 fusion-blog-archive fusion-blog-layout-grid-wrapper fusion-blog-infinite\"><style type=\"text\/css\">.fusion-blog-shortcode-1 .fusion-blog-layout-grid .fusion-post-grid{padding:20px;}.fusion-blog-shortcode-1 .fusion-posts-container{margin-left: -20px !important; margin-right:-20px !important;}<\/style><div class=\"fusion-posts-container fusion-posts-container-infinite fusion-posts-container-load-more fusion-no-meta-info fusion-blog-rollover fusion-blog-layout-grid fusion-blog-layout-grid-3 isotope fusion-blog-layout-masonry\" data-pages=\"9\" data-grid-col-space=\"40\" style=\"margin: -20px -20px 0;min-height:500px;\"><article class=\"fusion-post-grid fusion-post-masonry post fusion-grid-sizer\"><\/article><article id=\"blog-1-post-7436\" class=\"fusion-post-masonry fusion-post-grid fusion-element-grid post-7436 post type-post status-publish format-standard has-post-thumbnail hentry category-leau tag-bebes-sans-bras tag-du-pont tag-eau-potable-polluee tag-le-diable-que-nous-connaissons tag-tape ads-targeting-water\">\n<div class=\"fusion-post-wrapper\" style=\"background-color:rgb(255,255,255);border:1px solid #ebeaea;border-bottom-width:3px;\">\n\n<div  class=\"fusion-masonry-element-container fusion-image-wrapper\" style=\"background-image:url(https:\/\/www.bartmaes.eu\/wp-content\/uploads\/2022\/10\/Ongelukken-met-drinkwater.jpg);padding-top:calc((100% + 38px) * 0.8 - 20px);\" aria-haspopup=\"true\">\n\t\n\t\n\t\n\t\t\n\t\t\t\t\t<img decoding=\"async\" width=\"960\" height=\"640\" src=\"https:\/\/www.bartmaes.eu\/wp-content\/uploads\/2022\/10\/Ongelukken-met-drinkwater.jpg\" class=\"attachment-full size-full wp-post-image\" alt=\"Ongelukken met drinkwater\" srcset=\"https:\/\/www.bartmaes.eu\/wp-content\/uploads\/2022\/10\/Ongelukken-met-drinkwater-200x133.jpg 200w, https:\/\/www.bartmaes.eu\/wp-content\/uploads\/2022\/10\/Ongelukken-met-drinkwater-400x267.jpg 400w, https:\/\/www.bartmaes.eu\/wp-content\/uploads\/2022\/10\/Ongelukken-met-drinkwater-600x400.jpg 600w, https:\/\/www.bartmaes.eu\/wp-content\/uploads\/2022\/10\/Ongelukken-met-drinkwater-800x533.jpg 800w, https:\/\/www.bartmaes.eu\/wp-content\/uploads\/2022\/10\/Ongelukken-met-drinkwater.jpg 960w\" sizes=\"(min-width: 2200px) 100vw, (min-width: 784px) 340px, (min-width: 712px) 510px, (min-width: 640px) 712px, \" \/>\n\t\n\n\t\t<div class=\"fusion-rollover\">\n\t<div class=\"fusion-rollover-content\">\n\n\t\t\t\t\n\t\t\n\t\t\t\t\t\t\t\t\t\t\t\t<h4 class=\"fusion-rollover-title\">\n\t\t\t\t\t<a class=\"fusion-rollover-title-link\" href=\"https:\/\/www.bartmaes.eu\/fr\/leau\/accidents-avec-leau-potable-par-plastiques-pfas-et-rejets-toxiques\/\">\n\t\t\t\t\t\tAccidents de l&rsquo;eau potable dus aux plastiques, aux PFAS et aux rejets toxiques\t\t\t\t\t<\/a>\n\t\t\t\t<\/h4>\n\t\t\t\n\t\t\t\t\t\t\t\t\t\t<div class=\"fusion-rollover-categories\"><a href=\"https:\/\/www.bartmaes.eu\/fr\/fichier\/leau\/\" rel=\"tag\">L'eau<\/a><\/div>\t\t\t\t\t\n\t\t\n\t\t\t\t\t\t<a class=\"fusion-link-wrapper\" href=\"https:\/\/www.bartmaes.eu\/fr\/leau\/accidents-avec-leau-potable-par-plastiques-pfas-et-rejets-toxiques\/\" aria-label=\"Accidents de l&rsquo;eau potable dus aux plastiques, aux PFAS et aux rejets toxiques\"><\/a>\n\t<\/div>\n<\/div>\n\n\t\n<\/div>\n<div class=\"fusion-post-content-wrapper\" style=\"padding:30px 25px 20px 25px;background-color:rgb(255,255,255);\"><div class=\"fusion-post-content post-content\"><h2 class=\"blog-shortcode-post-title entry-title\"><a href=\"https:\/\/www.bartmaes.eu\/fr\/leau\/accidents-avec-leau-potable-par-plastiques-pfas-et-rejets-toxiques\/\">Accidents de l&rsquo;eau potable dus aux plastiques, aux PFAS et aux rejets toxiques<\/a><\/h2><\/div><\/div><div class=\"fusion-clearfix\"><\/div><\/div>\n<\/article>\n<article id=\"blog-1-post-7326\" class=\"fusion-post-masonry fusion-post-grid fusion-element-grid post-7326 post type-post status-publish format-standard has-post-thumbnail hentry category-huile-de-coco tag-de-beste-olie-voor-gezond-haar-fr tag-huile-de-coco tag-huile-de-coco-extra-vierge tag-kokosolie-haarmasker-fr tag-kokosolie-in-haar-fr tag-kokosolie-voor-haar-fr ads-targeting-kokosolie\">\n<div class=\"fusion-post-wrapper\" style=\"background-color:rgb(255,255,255);border:1px solid #ebeaea;border-bottom-width:3px;\">\n\n<div  class=\"fusion-masonry-element-container fusion-image-wrapper\" style=\"background-image:url(https:\/\/www.bartmaes.eu\/wp-content\/uploads\/2022\/09\/Kokosolie-goed-voor-gezond-haar-2.jpg);padding-top:calc((100% + 38px) * 0.8 - 20px);\" aria-haspopup=\"true\">\n\t\n\t\n\t\n\t\t\n\t\t\t\t\t<img decoding=\"async\" width=\"960\" height=\"640\" src=\"https:\/\/www.bartmaes.eu\/wp-content\/uploads\/2022\/09\/Kokosolie-goed-voor-gezond-haar-2.jpg\" class=\"attachment-full size-full wp-post-image\" alt=\"Kokosolie goed voor gezond haar\" srcset=\"https:\/\/www.bartmaes.eu\/wp-content\/uploads\/2022\/09\/Kokosolie-goed-voor-gezond-haar-2-200x133.jpg 200w, https:\/\/www.bartmaes.eu\/wp-content\/uploads\/2022\/09\/Kokosolie-goed-voor-gezond-haar-2-400x267.jpg 400w, https:\/\/www.bartmaes.eu\/wp-content\/uploads\/2022\/09\/Kokosolie-goed-voor-gezond-haar-2-600x400.jpg 600w, https:\/\/www.bartmaes.eu\/wp-content\/uploads\/2022\/09\/Kokosolie-goed-voor-gezond-haar-2-800x533.jpg 800w, https:\/\/www.bartmaes.eu\/wp-content\/uploads\/2022\/09\/Kokosolie-goed-voor-gezond-haar-2.jpg 960w\" sizes=\"(min-width: 2200px) 100vw, (min-width: 784px) 340px, (min-width: 712px) 510px, (min-width: 640px) 712px, \" \/>\n\t\n\n\t\t<div class=\"fusion-rollover\">\n\t<div class=\"fusion-rollover-content\">\n\n\t\t\t\t\n\t\t\n\t\t\t\t\t\t\t\t\t\t\t\t<h4 class=\"fusion-rollover-title\">\n\t\t\t\t\t<a class=\"fusion-rollover-title-link\" href=\"https:\/\/www.bartmaes.eu\/fr\/huile-de-coco\/huile-de-noix-de-coco-dans-vos-cheveux-la-meilleure-huile-pour-des-cheveux-sains\/\">\n\t\t\t\t\t\tL&rsquo;huile de coco dans vos cheveux : la meilleure huile pour des cheveux sains\t\t\t\t\t<\/a>\n\t\t\t\t<\/h4>\n\t\t\t\n\t\t\t\t\t\t\t\t\t\t<div class=\"fusion-rollover-categories\"><a href=\"https:\/\/www.bartmaes.eu\/fr\/fichier\/huile-de-coco\/\" rel=\"tag\">Huile de coco<\/a><\/div>\t\t\t\t\t\n\t\t\n\t\t\t\t\t\t<a class=\"fusion-link-wrapper\" href=\"https:\/\/www.bartmaes.eu\/fr\/huile-de-coco\/huile-de-noix-de-coco-dans-vos-cheveux-la-meilleure-huile-pour-des-cheveux-sains\/\" aria-label=\"L&rsquo;huile de coco dans vos cheveux : la meilleure huile pour des cheveux sains\"><\/a>\n\t<\/div>\n<\/div>\n\n\t\n<\/div>\n<div class=\"fusion-post-content-wrapper\" style=\"padding:30px 25px 20px 25px;background-color:rgb(255,255,255);\"><div class=\"fusion-post-content post-content\"><h2 class=\"blog-shortcode-post-title entry-title\"><a href=\"https:\/\/www.bartmaes.eu\/fr\/huile-de-coco\/huile-de-noix-de-coco-dans-vos-cheveux-la-meilleure-huile-pour-des-cheveux-sains\/\">L&rsquo;huile de coco dans vos cheveux : la meilleure huile pour des cheveux sains<\/a><\/h2><\/div><\/div><div class=\"fusion-clearfix\"><\/div><\/div>\n<\/article>\n<article id=\"blog-1-post-7100\" class=\"fusion-post-masonry fusion-post-grid fusion-element-grid post-7100 post type-post status-publish format-standard has-post-thumbnail hentry category-les-dates tag-dates-et-entrainement tag-dates-pour-les-coureurs tag-glycogene tag-rendez-vous tag-rendez-vous-pour-les-sportifs ads-targeting-dadels\">\n<div class=\"fusion-post-wrapper\" style=\"background-color:rgb(255,255,255);border:1px solid #ebeaea;border-bottom-width:3px;\">\n\n<div  class=\"fusion-masonry-element-container fusion-image-wrapper\" style=\"background-image:url(https:\/\/www.bartmaes.eu\/wp-content\/uploads\/2022\/06\/Jay-Helgerson.jpg);padding-top:calc((100% + 38px) * 0.8 - 20px);\" aria-haspopup=\"true\">\n\t\n\t\n\t\n\t\t\n\t\t\t\t\t<img decoding=\"async\" width=\"1807\" height=\"1196\" src=\"https:\/\/www.bartmaes.eu\/wp-content\/uploads\/2022\/06\/Jay-Helgerson.jpg\" class=\"attachment-full size-full wp-post-image\" alt=\"Jay Helgerson\" srcset=\"https:\/\/www.bartmaes.eu\/wp-content\/uploads\/2022\/06\/Jay-Helgerson-200x132.jpg 200w, https:\/\/www.bartmaes.eu\/wp-content\/uploads\/2022\/06\/Jay-Helgerson-400x265.jpg 400w, https:\/\/www.bartmaes.eu\/wp-content\/uploads\/2022\/06\/Jay-Helgerson-600x397.jpg 600w, https:\/\/www.bartmaes.eu\/wp-content\/uploads\/2022\/06\/Jay-Helgerson-800x529.jpg 800w, https:\/\/www.bartmaes.eu\/wp-content\/uploads\/2022\/06\/Jay-Helgerson-1200x794.jpg 1200w, https:\/\/www.bartmaes.eu\/wp-content\/uploads\/2022\/06\/Jay-Helgerson.jpg 1807w\" sizes=\"(min-width: 2200px) 100vw, (min-width: 784px) 340px, (min-width: 712px) 510px, (min-width: 640px) 712px, \" \/>\n\t\n\n\t\t<div class=\"fusion-rollover\">\n\t<div class=\"fusion-rollover-content\">\n\n\t\t\t\t\n\t\t\n\t\t\t\t\t\t\t\t\t\t\t\t<h4 class=\"fusion-rollover-title\">\n\t\t\t\t\t<a class=\"fusion-rollover-title-link\" href=\"https:\/\/www.bartmaes.eu\/fr\/les-dates\/dates-pour-les-athletes\/\">\n\t\t\t\t\t\tDattes et produits de dattes pour les meilleures performances des athl\u00e8tes\t\t\t\t\t<\/a>\n\t\t\t\t<\/h4>\n\t\t\t\n\t\t\t\t\t\t\t\t\t\t<div class=\"fusion-rollover-categories\"><a href=\"https:\/\/www.bartmaes.eu\/fr\/fichier\/les-dates\/\" rel=\"tag\">Les dates<\/a><\/div>\t\t\t\t\t\n\t\t\n\t\t\t\t\t\t<a class=\"fusion-link-wrapper\" href=\"https:\/\/www.bartmaes.eu\/fr\/les-dates\/dates-pour-les-athletes\/\" aria-label=\"Dattes et produits de dattes pour les meilleures performances des athl\u00e8tes\"><\/a>\n\t<\/div>\n<\/div>\n\n\t\n<\/div>\n<div class=\"fusion-post-content-wrapper\" style=\"padding:30px 25px 20px 25px;background-color:rgb(255,255,255);\"><div class=\"fusion-post-content post-content\"><h2 class=\"blog-shortcode-post-title entry-title\"><a href=\"https:\/\/www.bartmaes.eu\/fr\/les-dates\/dates-pour-les-athletes\/\">Dattes et produits de dattes pour les meilleures performances des athl\u00e8tes<\/a><\/h2><\/div><\/div><div class=\"fusion-clearfix\"><\/div><\/div>\n<\/article>\n<article id=\"blog-1-post-7084\" class=\"fusion-post-masonry fusion-post-grid fusion-element-grid post-7084 post type-post status-publish format-standard has-post-thumbnail hentry category-les-dates tag-charge-glycemique tag-diabeten tag-index-glycemique tag-les-diabetiques tag-prevenir-lhypoglycemie ads-targeting-dadels\">\n<div class=\"fusion-post-wrapper\" style=\"background-color:rgb(255,255,255);border:1px solid #ebeaea;border-bottom-width:3px;\">\n\n<div  class=\"fusion-masonry-element-container fusion-image-wrapper\" style=\"background-image:url(https:\/\/www.bartmaes.eu\/wp-content\/uploads\/2022\/06\/hypo-voorkomen-bij-mensen-met-diabetes.jpg);padding-top:calc((100% + 38px) * 0.8 - 20px);\" aria-haspopup=\"true\">\n\t\n\t\n\t\n\t\t\n\t\t\t\t\t<img decoding=\"async\" width=\"1200\" height=\"800\" src=\"https:\/\/www.bartmaes.eu\/wp-content\/uploads\/2022\/06\/hypo-voorkomen-bij-mensen-met-diabetes.jpg\" class=\"attachment-full size-full wp-post-image\" alt=\"\" srcset=\"https:\/\/www.bartmaes.eu\/wp-content\/uploads\/2022\/06\/hypo-voorkomen-bij-mensen-met-diabetes-200x133.jpg 200w, https:\/\/www.bartmaes.eu\/wp-content\/uploads\/2022\/06\/hypo-voorkomen-bij-mensen-met-diabetes-400x267.jpg 400w, https:\/\/www.bartmaes.eu\/wp-content\/uploads\/2022\/06\/hypo-voorkomen-bij-mensen-met-diabetes-600x400.jpg 600w, https:\/\/www.bartmaes.eu\/wp-content\/uploads\/2022\/06\/hypo-voorkomen-bij-mensen-met-diabetes-800x533.jpg 800w, https:\/\/www.bartmaes.eu\/wp-content\/uploads\/2022\/06\/hypo-voorkomen-bij-mensen-met-diabetes.jpg 1200w\" sizes=\"(min-width: 2200px) 100vw, (min-width: 784px) 340px, (min-width: 712px) 510px, (min-width: 640px) 712px, \" \/>\n\t\n\n\t\t<div class=\"fusion-rollover\">\n\t<div class=\"fusion-rollover-content\">\n\n\t\t\t\t\n\t\t\n\t\t\t\t\t\t\t\t\t\t\t\t<h4 class=\"fusion-rollover-title\">\n\t\t\t\t\t<a class=\"fusion-rollover-title-link\" href=\"https:\/\/www.bartmaes.eu\/fr\/les-dates\/athletes-dendurance-dates-diabetiques\/\">\n\t\t\t\t\t\tQuel est le point commun entre les athl\u00e8tes d&rsquo;endurance et les diab\u00e9tiques&nbsp;?\t\t\t\t\t<\/a>\n\t\t\t\t<\/h4>\n\t\t\t\n\t\t\t\t\t\t\t\t\t\t<div class=\"fusion-rollover-categories\"><a href=\"https:\/\/www.bartmaes.eu\/fr\/fichier\/les-dates\/\" rel=\"tag\">Les dates<\/a><\/div>\t\t\t\t\t\n\t\t\n\t\t\t\t\t\t<a class=\"fusion-link-wrapper\" href=\"https:\/\/www.bartmaes.eu\/fr\/les-dates\/athletes-dendurance-dates-diabetiques\/\" aria-label=\"Quel est le point commun entre les athl\u00e8tes d&rsquo;endurance et les diab\u00e9tiques&nbsp;?\"><\/a>\n\t<\/div>\n<\/div>\n\n\t\n<\/div>\n<div class=\"fusion-post-content-wrapper\" style=\"padding:30px 25px 20px 25px;background-color:rgb(255,255,255);\"><div class=\"fusion-post-content post-content\"><h2 class=\"blog-shortcode-post-title entry-title\"><a href=\"https:\/\/www.bartmaes.eu\/fr\/les-dates\/athletes-dendurance-dates-diabetiques\/\">Quel est le point commun entre les athl\u00e8tes d&rsquo;endurance et les diab\u00e9tiques&nbsp;?<\/a><\/h2><\/div><\/div><div class=\"fusion-clearfix\"><\/div><\/div>\n<\/article>\n<article id=\"blog-1-post-7110\" class=\"fusion-post-masonry fusion-post-grid fusion-element-grid post-7110 post type-post status-publish format-standard has-post-thumbnail hentry category-les-dates tag-la-fertilite tag-laxatif tag-les-maladies-de-laisance tag-rendez-vous ads-targeting-dadels\">\n<div class=\"fusion-post-wrapper\" style=\"background-color:rgb(255,255,255);border:1px solid #ebeaea;border-bottom-width:3px;\">\n\n<div  class=\"fusion-masonry-element-container fusion-image-wrapper\" style=\"background-image:url(https:\/\/www.bartmaes.eu\/wp-content\/uploads\/2021\/12\/dadels-voor-een-vlotte-stoelgang.jpg);padding-top:calc((100% + 38px) * 0.8 - 20px);\" aria-haspopup=\"true\">\n\t\n\t\n\t\n\t\t\n\t\t\t\t\t<img decoding=\"async\" width=\"1200\" height=\"900\" src=\"https:\/\/www.bartmaes.eu\/wp-content\/uploads\/2021\/12\/dadels-voor-een-vlotte-stoelgang.jpg\" class=\"attachment-full size-full wp-post-image\" alt=\"Mangez r\u00e9guli\u00e8rement des dattes pour un transit intestinal en douceur\" srcset=\"https:\/\/www.bartmaes.eu\/wp-content\/uploads\/2021\/12\/dadels-voor-een-vlotte-stoelgang-200x150.jpg 200w, https:\/\/www.bartmaes.eu\/wp-content\/uploads\/2021\/12\/dadels-voor-een-vlotte-stoelgang-400x300.jpg 400w, https:\/\/www.bartmaes.eu\/wp-content\/uploads\/2021\/12\/dadels-voor-een-vlotte-stoelgang-600x450.jpg 600w, https:\/\/www.bartmaes.eu\/wp-content\/uploads\/2021\/12\/dadels-voor-een-vlotte-stoelgang-800x600.jpg 800w, https:\/\/www.bartmaes.eu\/wp-content\/uploads\/2021\/12\/dadels-voor-een-vlotte-stoelgang.jpg 1200w\" sizes=\"(min-width: 2200px) 100vw, (min-width: 784px) 340px, (min-width: 712px) 510px, (min-width: 640px) 712px, \" \/>\n\t\n\n\t\t<div class=\"fusion-rollover\">\n\t<div class=\"fusion-rollover-content\">\n\n\t\t\t\t\n\t\t\n\t\t\t\t\t\t\t\t\t\t\t\t<h4 class=\"fusion-rollover-title\">\n\t\t\t\t\t<a class=\"fusion-rollover-title-link\" href=\"https:\/\/www.bartmaes.eu\/fr\/les-dates\/dates-contre-richesse-maladies\/\">\n\t\t\t\t\t\tLes dattes dans la lutte contre les maladies d&rsquo;affluence\t\t\t\t\t<\/a>\n\t\t\t\t<\/h4>\n\t\t\t\n\t\t\t\t\t\t\t\t\t\t<div class=\"fusion-rollover-categories\"><a href=\"https:\/\/www.bartmaes.eu\/fr\/fichier\/les-dates\/\" rel=\"tag\">Les dates<\/a><\/div>\t\t\t\t\t\n\t\t\n\t\t\t\t\t\t<a class=\"fusion-link-wrapper\" href=\"https:\/\/www.bartmaes.eu\/fr\/les-dates\/dates-contre-richesse-maladies\/\" aria-label=\"Les dattes dans la lutte contre les maladies d&rsquo;affluence\"><\/a>\n\t<\/div>\n<\/div>\n\n\t\n<\/div>\n<div class=\"fusion-post-content-wrapper\" style=\"padding:30px 25px 20px 25px;background-color:rgb(255,255,255);\"><div class=\"fusion-post-content post-content\"><h2 class=\"blog-shortcode-post-title entry-title\"><a href=\"https:\/\/www.bartmaes.eu\/fr\/les-dates\/dates-contre-richesse-maladies\/\">Les dattes dans la lutte contre les maladies d&rsquo;affluence<\/a><\/h2><\/div><\/div><div class=\"fusion-clearfix\"><\/div><\/div>\n<\/article>\n<article id=\"blog-1-post-7088\" class=\"fusion-post-masonry fusion-post-grid fusion-element-landscape post-7088 post type-post status-publish format-standard has-post-thumbnail hentry category-les-dates tag-sirop-de-dattes tag-sucre-de-datte tag-transit-intestinal tag-valeur-brix-du-sirop-de-datte-fr tag-valeur-brix-du-sirop-de-datte ads-targeting-dadels\">\n<div class=\"fusion-post-wrapper\" style=\"background-color:rgb(255,255,255);border:1px solid #ebeaea;border-bottom-width:3px;\">\n\n<div  class=\"fusion-masonry-element-container fusion-image-wrapper\" style=\"background-image:url(https:\/\/www.bartmaes.eu\/wp-content\/uploads\/2022\/06\/pannenkoeken-en-koffie-met-dadelstroop.jpg);padding-top:calc((100% + 34px) * 0.4 - 20px);\" aria-haspopup=\"true\">\n\t\n\t\n\t\n\t\t\n\t\t\t\t\t<img decoding=\"async\" width=\"1200\" height=\"675\" src=\"https:\/\/www.bartmaes.eu\/wp-content\/uploads\/2022\/06\/pannenkoeken-en-koffie-met-dadelstroop.jpg\" class=\"attachment-full size-full wp-post-image\" alt=\"Une pile de petites cr\u00eapes \u00e9paisses et un cappuccino au sirop de datte\" srcset=\"https:\/\/www.bartmaes.eu\/wp-content\/uploads\/2022\/06\/pannenkoeken-en-koffie-met-dadelstroop-200x113.jpg 200w, https:\/\/www.bartmaes.eu\/wp-content\/uploads\/2022\/06\/pannenkoeken-en-koffie-met-dadelstroop-400x225.jpg 400w, https:\/\/www.bartmaes.eu\/wp-content\/uploads\/2022\/06\/pannenkoeken-en-koffie-met-dadelstroop-600x338.jpg 600w, https:\/\/www.bartmaes.eu\/wp-content\/uploads\/2022\/06\/pannenkoeken-en-koffie-met-dadelstroop-800x450.jpg 800w, https:\/\/www.bartmaes.eu\/wp-content\/uploads\/2022\/06\/pannenkoeken-en-koffie-met-dadelstroop.jpg 1200w\" sizes=\"(min-width: 2200px) 100vw, (min-width: 640px) 1100px, \" \/>\n\t\n\n\t\t<div class=\"fusion-rollover\">\n\t<div class=\"fusion-rollover-content\">\n\n\t\t\t\t\n\t\t\n\t\t\t\t\t\t\t\t\t\t\t\t<h4 class=\"fusion-rollover-title\">\n\t\t\t\t\t<a class=\"fusion-rollover-title-link\" href=\"https:\/\/www.bartmaes.eu\/fr\/les-dates\/quest-ce-que-le-sirop-de-datte-ou-le-sirop-de-datte\/\">\n\t\t\t\t\t\tQu&rsquo;est-ce que le sirop de dattes ou le sirop de dattes ?\t\t\t\t\t<\/a>\n\t\t\t\t<\/h4>\n\t\t\t\n\t\t\t\t\t\t\t\t\t\t<div class=\"fusion-rollover-categories\"><a href=\"https:\/\/www.bartmaes.eu\/fr\/fichier\/les-dates\/\" rel=\"tag\">Les dates<\/a><\/div>\t\t\t\t\t\n\t\t\n\t\t\t\t\t\t<a class=\"fusion-link-wrapper\" href=\"https:\/\/www.bartmaes.eu\/fr\/les-dates\/quest-ce-que-le-sirop-de-datte-ou-le-sirop-de-datte\/\" aria-label=\"Qu&rsquo;est-ce que le sirop de dattes ou le sirop de dattes ?\"><\/a>\n\t<\/div>\n<\/div>\n\n\t\n<\/div>\n<div class=\"fusion-post-content-wrapper\" style=\"padding:30px 25px 20px 25px;background-color:rgb(255,255,255);\"><div class=\"fusion-post-content post-content\"><h2 class=\"blog-shortcode-post-title entry-title\"><a href=\"https:\/\/www.bartmaes.eu\/fr\/les-dates\/quest-ce-que-le-sirop-de-datte-ou-le-sirop-de-datte\/\">Qu&rsquo;est-ce que le sirop de dattes ou le sirop de dattes ?<\/a><\/h2><\/div><\/div><div class=\"fusion-clearfix\"><\/div><\/div>\n<\/article>\n<article id=\"blog-1-post-7082\" class=\"fusion-post-masonry fusion-post-grid fusion-element-landscape post-7082 post type-post status-publish format-standard has-post-thumbnail hentry category-les-dates tag-edulcorant tag-edulcorant-sain tag-edulcorant-sain-fr tag-pate-de-datte ads-targeting-dadels\">\n<div class=\"fusion-post-wrapper\" style=\"background-color:rgb(255,255,255);border:1px solid #ebeaea;border-bottom-width:3px;\">\n\n<div  class=\"fusion-masonry-element-container fusion-image-wrapper\" style=\"background-image:url(https:\/\/www.bartmaes.eu\/wp-content\/uploads\/2022\/06\/muffins-met-dadelpasta-als-gezond-zoetmiddel-.jpg);padding-top:calc((100% + 34px) * 0.4 - 20px);\" aria-haspopup=\"true\">\n\t\n\t\n\t\n\t\t\n\t\t\t\t\t<img decoding=\"async\" width=\"1200\" height=\"675\" src=\"https:\/\/www.bartmaes.eu\/wp-content\/uploads\/2022\/06\/muffins-met-dadelpasta-als-gezond-zoetmiddel-.jpg\" class=\"attachment-full size-full wp-post-image\" alt=\"La p\u00e2te de datte est l&#039;\u00e9dulcorant sain id\u00e9al\" srcset=\"https:\/\/www.bartmaes.eu\/wp-content\/uploads\/2022\/06\/muffins-met-dadelpasta-als-gezond-zoetmiddel--200x113.jpg 200w, https:\/\/www.bartmaes.eu\/wp-content\/uploads\/2022\/06\/muffins-met-dadelpasta-als-gezond-zoetmiddel--400x225.jpg 400w, https:\/\/www.bartmaes.eu\/wp-content\/uploads\/2022\/06\/muffins-met-dadelpasta-als-gezond-zoetmiddel--600x338.jpg 600w, https:\/\/www.bartmaes.eu\/wp-content\/uploads\/2022\/06\/muffins-met-dadelpasta-als-gezond-zoetmiddel--800x450.jpg 800w, https:\/\/www.bartmaes.eu\/wp-content\/uploads\/2022\/06\/muffins-met-dadelpasta-als-gezond-zoetmiddel-.jpg 1200w\" sizes=\"(min-width: 2200px) 100vw, (min-width: 640px) 1100px, \" \/>\n\t\n\n\t\t<div class=\"fusion-rollover\">\n\t<div class=\"fusion-rollover-content\">\n\n\t\t\t\t\n\t\t\n\t\t\t\t\t\t\t\t\t\t\t\t<h4 class=\"fusion-rollover-title\">\n\t\t\t\t\t<a class=\"fusion-rollover-title-link\" href=\"https:\/\/www.bartmaes.eu\/fr\/les-dates\/la-pate-de-datte-comme-edulcorant-sain\/\">\n\t\t\t\t\t\tP\u00e2te de dattes comme \u00e9dulcorant sain\t\t\t\t\t<\/a>\n\t\t\t\t<\/h4>\n\t\t\t\n\t\t\t\t\t\t\t\t\t\t<div class=\"fusion-rollover-categories\"><a href=\"https:\/\/www.bartmaes.eu\/fr\/fichier\/les-dates\/\" rel=\"tag\">Les dates<\/a><\/div>\t\t\t\t\t\n\t\t\n\t\t\t\t\t\t<a class=\"fusion-link-wrapper\" href=\"https:\/\/www.bartmaes.eu\/fr\/les-dates\/la-pate-de-datte-comme-edulcorant-sain\/\" aria-label=\"P\u00e2te de dattes comme \u00e9dulcorant sain\"><\/a>\n\t<\/div>\n<\/div>\n\n\t\n<\/div>\n<div class=\"fusion-post-content-wrapper\" style=\"padding:30px 25px 20px 25px;background-color:rgb(255,255,255);\"><div class=\"fusion-post-content post-content\"><h2 class=\"blog-shortcode-post-title entry-title\"><a href=\"https:\/\/www.bartmaes.eu\/fr\/les-dates\/la-pate-de-datte-comme-edulcorant-sain\/\">P\u00e2te de dattes comme \u00e9dulcorant sain<\/a><\/h2><\/div><\/div><div class=\"fusion-clearfix\"><\/div><\/div>\n<\/article>\n<article id=\"blog-1-post-7078\" class=\"fusion-post-masonry fusion-post-grid fusion-element-grid post-7078 post type-post status-publish format-standard has-post-thumbnail hentry category-les-dates tag-comment-utiliser-le-sucre-de-dattes tag-date-de-succaire tag-poudre-de-datte tag-sucre-de-datte tag-sucre-rafine ads-targeting-dadels\">\n<div class=\"fusion-post-wrapper\" style=\"background-color:rgb(255,255,255);border:1px solid #ebeaea;border-bottom-width:3px;\">\n\n<div  class=\"fusion-masonry-element-container fusion-image-wrapper\" style=\"background-image:url(https:\/\/www.bartmaes.eu\/wp-content\/uploads\/2022\/06\/geraffineerde-suiker.jpg);padding-top:calc((100% + 38px) * 0.8 - 20px);\" aria-haspopup=\"true\">\n\t\n\t\n\t\n\t\t\n\t\t\t\t\t<img decoding=\"async\" width=\"1200\" height=\"900\" src=\"https:\/\/www.bartmaes.eu\/wp-content\/uploads\/2022\/06\/geraffineerde-suiker.jpg\" class=\"attachment-full size-full wp-post-image\" alt=\"six pots de sucres raffin\u00e9s et pot de sucre de datte\" srcset=\"https:\/\/www.bartmaes.eu\/wp-content\/uploads\/2022\/06\/geraffineerde-suiker-200x150.jpg 200w, https:\/\/www.bartmaes.eu\/wp-content\/uploads\/2022\/06\/geraffineerde-suiker-400x300.jpg 400w, https:\/\/www.bartmaes.eu\/wp-content\/uploads\/2022\/06\/geraffineerde-suiker-600x450.jpg 600w, https:\/\/www.bartmaes.eu\/wp-content\/uploads\/2022\/06\/geraffineerde-suiker-800x600.jpg 800w, https:\/\/www.bartmaes.eu\/wp-content\/uploads\/2022\/06\/geraffineerde-suiker.jpg 1200w\" sizes=\"(min-width: 2200px) 100vw, (min-width: 784px) 340px, (min-width: 712px) 510px, (min-width: 640px) 712px, \" \/>\n\t\n\n\t\t<div class=\"fusion-rollover\">\n\t<div class=\"fusion-rollover-content\">\n\n\t\t\t\t\n\t\t\n\t\t\t\t\t\t\t\t\t\t\t\t<h4 class=\"fusion-rollover-title\">\n\t\t\t\t\t<a class=\"fusion-rollover-title-link\" href=\"https:\/\/www.bartmaes.eu\/fr\/les-dates\/sucre-de-datte\/\">\n\t\t\t\t\t\tLe sucre de datte n&rsquo;est pas du sucre raffin\u00e9.\t\t\t\t\t<\/a>\n\t\t\t\t<\/h4>\n\t\t\t\n\t\t\t\t\t\t\t\t\t\t<div class=\"fusion-rollover-categories\"><a href=\"https:\/\/www.bartmaes.eu\/fr\/fichier\/les-dates\/\" rel=\"tag\">Les dates<\/a><\/div>\t\t\t\t\t\n\t\t\n\t\t\t\t\t\t<a class=\"fusion-link-wrapper\" href=\"https:\/\/www.bartmaes.eu\/fr\/les-dates\/sucre-de-datte\/\" aria-label=\"Le sucre de datte n&rsquo;est pas du sucre raffin\u00e9.\"><\/a>\n\t<\/div>\n<\/div>\n\n\t\n<\/div>\n<div class=\"fusion-post-content-wrapper\" style=\"padding:30px 25px 20px 25px;background-color:rgb(255,255,255);\"><div class=\"fusion-post-content post-content\"><h2 class=\"blog-shortcode-post-title entry-title\"><a href=\"https:\/\/www.bartmaes.eu\/fr\/les-dates\/sucre-de-datte\/\">Le sucre de datte n&rsquo;est pas du sucre raffin\u00e9.<\/a><\/h2><\/div><\/div><div class=\"fusion-clearfix\"><\/div><\/div>\n<\/article>\n<article id=\"blog-1-post-7092\" class=\"fusion-post-masonry fusion-post-grid fusion-element-landscape post-7092 post type-post status-publish format-standard has-post-thumbnail hentry category-les-dates tag-la-valeur-nutritionnelle tag-pate-de-datte tag-rendez-vous tag-sirop-de-dattes tag-sucre-de-datte ads-targeting-dadels\">\n<div class=\"fusion-post-wrapper\" style=\"background-color:rgb(255,255,255);border:1px solid #ebeaea;border-bottom-width:3px;\">\n\n<div  class=\"fusion-masonry-element-container fusion-image-wrapper\" style=\"background-image:url(https:\/\/www.bartmaes.eu\/wp-content\/uploads\/2022\/06\/antioxidanten-in-dadels.jpg);padding-top:calc((100% + 34px) * 0.4 - 20px);\" aria-haspopup=\"true\">\n\t\n\t\n\t\n\t\t\n\t\t\t\t\t<img decoding=\"async\" width=\"1200\" height=\"675\" src=\"https:\/\/www.bartmaes.eu\/wp-content\/uploads\/2022\/06\/antioxidanten-in-dadels.jpg\" class=\"attachment-full size-full wp-post-image\" alt=\"des dattes pleines d&#039;antioxydants\" srcset=\"https:\/\/www.bartmaes.eu\/wp-content\/uploads\/2022\/06\/antioxidanten-in-dadels-200x113.jpg 200w, https:\/\/www.bartmaes.eu\/wp-content\/uploads\/2022\/06\/antioxidanten-in-dadels-400x225.jpg 400w, https:\/\/www.bartmaes.eu\/wp-content\/uploads\/2022\/06\/antioxidanten-in-dadels-600x338.jpg 600w, https:\/\/www.bartmaes.eu\/wp-content\/uploads\/2022\/06\/antioxidanten-in-dadels-800x450.jpg 800w, https:\/\/www.bartmaes.eu\/wp-content\/uploads\/2022\/06\/antioxidanten-in-dadels.jpg 1200w\" sizes=\"(min-width: 2200px) 100vw, (min-width: 640px) 1100px, \" \/>\n\t\n\n\t\t<div class=\"fusion-rollover\">\n\t<div class=\"fusion-rollover-content\">\n\n\t\t\t\t\n\t\t\n\t\t\t\t\t\t\t\t\t\t\t\t<h4 class=\"fusion-rollover-title\">\n\t\t\t\t\t<a class=\"fusion-rollover-title-link\" href=\"https:\/\/www.bartmaes.eu\/fr\/les-dates\/dattes-nutritionnelles\/\">\n\t\t\t\t\t\tUn r\u00e9capitulatif des valeurs nutritionnelles des dattes, du sucre de dattes, du sirop de dattes et de la p\u00e2te de dattes\t\t\t\t\t<\/a>\n\t\t\t\t<\/h4>\n\t\t\t\n\t\t\t\t\t\t\t\t\t\t<div class=\"fusion-rollover-categories\"><a href=\"https:\/\/www.bartmaes.eu\/fr\/fichier\/les-dates\/\" rel=\"tag\">Les dates<\/a><\/div>\t\t\t\t\t\n\t\t\n\t\t\t\t\t\t<a class=\"fusion-link-wrapper\" href=\"https:\/\/www.bartmaes.eu\/fr\/les-dates\/dattes-nutritionnelles\/\" aria-label=\"Un r\u00e9capitulatif des valeurs nutritionnelles des dattes, du sucre de dattes, du sirop de dattes et de la p\u00e2te de dattes\"><\/a>\n\t<\/div>\n<\/div>\n\n\t\n<\/div>\n<div class=\"fusion-post-content-wrapper\" style=\"padding:30px 25px 20px 25px;background-color:rgb(255,255,255);\"><div class=\"fusion-post-content post-content\"><h2 class=\"blog-shortcode-post-title entry-title\"><a href=\"https:\/\/www.bartmaes.eu\/fr\/les-dates\/dattes-nutritionnelles\/\">Un r\u00e9capitulatif des valeurs nutritionnelles des dattes, du sucre de dattes, du sirop de dattes et de la p\u00e2te de dattes<\/a><\/h2><\/div><\/div><div class=\"fusion-clearfix\"><\/div><\/div>\n<\/article>\n<article id=\"blog-1-post-7086\" class=\"fusion-post-masonry fusion-post-grid fusion-element-grid post-7086 post type-post status-publish format-standard has-post-thumbnail hentry category-les-dates tag-ig tag-index-glycemique tag-index-glycemique-de-la-pate-de-dattes tag-index-glycemique-du-sirop-de-datte ads-targeting-dadels\">\n<div class=\"fusion-post-wrapper\" style=\"background-color:rgb(255,255,255);border:1px solid #ebeaea;border-bottom-width:3px;\">\n\n<div  class=\"fusion-masonry-element-container fusion-image-wrapper\" style=\"background-image:url(https:\/\/www.bartmaes.eu\/wp-content\/uploads\/2021\/12\/dadels-lage-glycemische-index-BM.jpg);padding-top:calc((100% + 38px) * 0.8 - 20px);\" aria-haspopup=\"true\">\n\t\n\t\n\t\n\t\t\n\t\t\t\t\t<img decoding=\"async\" width=\"1200\" height=\"900\" src=\"https:\/\/www.bartmaes.eu\/wp-content\/uploads\/2021\/12\/dadels-lage-glycemische-index-BM.jpg\" class=\"attachment-full size-full wp-post-image\" alt=\"Les dattes ont un index glyc\u00e9mique bas\" srcset=\"https:\/\/www.bartmaes.eu\/wp-content\/uploads\/2021\/12\/dadels-lage-glycemische-index-BM-200x150.jpg 200w, https:\/\/www.bartmaes.eu\/wp-content\/uploads\/2021\/12\/dadels-lage-glycemische-index-BM-400x300.jpg 400w, https:\/\/www.bartmaes.eu\/wp-content\/uploads\/2021\/12\/dadels-lage-glycemische-index-BM-600x450.jpg 600w, https:\/\/www.bartmaes.eu\/wp-content\/uploads\/2021\/12\/dadels-lage-glycemische-index-BM-800x600.jpg 800w, https:\/\/www.bartmaes.eu\/wp-content\/uploads\/2021\/12\/dadels-lage-glycemische-index-BM.jpg 1200w\" sizes=\"(min-width: 2200px) 100vw, (min-width: 784px) 340px, (min-width: 712px) 510px, (min-width: 640px) 712px, \" \/>\n\t\n\n\t\t<div class=\"fusion-rollover\">\n\t<div class=\"fusion-rollover-content\">\n\n\t\t\t\t\n\t\t\n\t\t\t\t\t\t\t\t\t\t\t\t<h4 class=\"fusion-rollover-title\">\n\t\t\t\t\t<a class=\"fusion-rollover-title-link\" href=\"https:\/\/www.bartmaes.eu\/fr\/les-dates\/index-glycemique-des-dattes\/\">\n\t\t\t\t\t\tLe sucre de dattes, la p\u00e2te de dattes et le sirop de dattes ont un index glyc\u00e9mique bas\t\t\t\t\t<\/a>\n\t\t\t\t<\/h4>\n\t\t\t\n\t\t\t\t\t\t\t\t\t\t<div class=\"fusion-rollover-categories\"><a href=\"https:\/\/www.bartmaes.eu\/fr\/fichier\/les-dates\/\" rel=\"tag\">Les dates<\/a><\/div>\t\t\t\t\t\n\t\t\n\t\t\t\t\t\t<a class=\"fusion-link-wrapper\" href=\"https:\/\/www.bartmaes.eu\/fr\/les-dates\/index-glycemique-des-dattes\/\" aria-label=\"Le sucre de dattes, la p\u00e2te de dattes et le sirop de dattes ont un index glyc\u00e9mique bas\"><\/a>\n\t<\/div>\n<\/div>\n\n\t\n<\/div>\n<div class=\"fusion-post-content-wrapper\" style=\"padding:30px 25px 20px 25px;background-color:rgb(255,255,255);\"><div class=\"fusion-post-content post-content\"><h2 class=\"blog-shortcode-post-title entry-title\"><a href=\"https:\/\/www.bartmaes.eu\/fr\/les-dates\/index-glycemique-des-dattes\/\">Le sucre de dattes, la p\u00e2te de dattes et le sirop de dattes ont un index glyc\u00e9mique bas<\/a><\/h2><\/div><\/div><div class=\"fusion-clearfix\"><\/div><\/div>\n<\/article>\n<article id=\"blog-1-post-7080\" class=\"fusion-post-masonry fusion-post-grid fusion-element-landscape post-7080 post type-post status-publish format-standard has-post-thumbnail hentry category-les-dates tag-dattes-antioxydantes tag-orac-fr tag-polyphenols-dans-les-dattes ads-targeting-dadels\">\n<div class=\"fusion-post-wrapper\" style=\"background-color:rgb(255,255,255);border:1px solid #ebeaea;border-bottom-width:3px;\">\n\n<div  class=\"fusion-masonry-element-container fusion-image-wrapper\" style=\"background-image:url(https:\/\/www.bartmaes.eu\/wp-content\/uploads\/2022\/06\/antioxidanten-in-dadels.jpg);padding-top:calc((100% + 34px) * 0.4 - 20px);\" aria-haspopup=\"true\">\n\t\n\t\n\t\n\t\t\n\t\t\t\t\t<img decoding=\"async\" width=\"1200\" height=\"675\" src=\"https:\/\/www.bartmaes.eu\/wp-content\/uploads\/2022\/06\/antioxidanten-in-dadels.jpg\" class=\"attachment-full size-full wp-post-image\" alt=\"des dattes pleines d&#039;antioxydants\" srcset=\"https:\/\/www.bartmaes.eu\/wp-content\/uploads\/2022\/06\/antioxidanten-in-dadels-200x113.jpg 200w, https:\/\/www.bartmaes.eu\/wp-content\/uploads\/2022\/06\/antioxidanten-in-dadels-400x225.jpg 400w, https:\/\/www.bartmaes.eu\/wp-content\/uploads\/2022\/06\/antioxidanten-in-dadels-600x338.jpg 600w, https:\/\/www.bartmaes.eu\/wp-content\/uploads\/2022\/06\/antioxidanten-in-dadels-800x450.jpg 800w, https:\/\/www.bartmaes.eu\/wp-content\/uploads\/2022\/06\/antioxidanten-in-dadels.jpg 1200w\" sizes=\"(min-width: 2200px) 100vw, (min-width: 640px) 1100px, \" \/>\n\t\n\n\t\t<div class=\"fusion-rollover\">\n\t<div class=\"fusion-rollover-content\">\n\n\t\t\t\t\n\t\t\n\t\t\t\t\t\t\t\t\t\t\t\t<h4 class=\"fusion-rollover-title\">\n\t\t\t\t\t<a class=\"fusion-rollover-title-link\" href=\"https:\/\/www.bartmaes.eu\/fr\/les-dates\/beaucoup-de-polyphenols-et-de-nombreux-antioxydants-dans-les-dattes\/\">\n\t\t\t\t\t\tBeaucoup de polyph\u00e9nols et beaucoup d&rsquo;antioxydants dans les dattes\t\t\t\t\t<\/a>\n\t\t\t\t<\/h4>\n\t\t\t\n\t\t\t\t\t\t\t\t\t\t<div class=\"fusion-rollover-categories\"><a href=\"https:\/\/www.bartmaes.eu\/fr\/fichier\/les-dates\/\" rel=\"tag\">Les dates<\/a><\/div>\t\t\t\t\t\n\t\t\n\t\t\t\t\t\t<a class=\"fusion-link-wrapper\" href=\"https:\/\/www.bartmaes.eu\/fr\/les-dates\/beaucoup-de-polyphenols-et-de-nombreux-antioxydants-dans-les-dattes\/\" aria-label=\"Beaucoup de polyph\u00e9nols et beaucoup d&rsquo;antioxydants dans les dattes\"><\/a>\n\t<\/div>\n<\/div>\n\n\t\n<\/div>\n<div class=\"fusion-post-content-wrapper\" style=\"padding:30px 25px 20px 25px;background-color:rgb(255,255,255);\"><div class=\"fusion-post-content post-content\"><h2 class=\"blog-shortcode-post-title entry-title\"><a href=\"https:\/\/www.bartmaes.eu\/fr\/les-dates\/beaucoup-de-polyphenols-et-de-nombreux-antioxydants-dans-les-dattes\/\">Beaucoup de polyph\u00e9nols et beaucoup d&rsquo;antioxydants dans les dattes<\/a><\/h2><\/div><\/div><div class=\"fusion-clearfix\"><\/div><\/div>\n<\/article>\n<article id=\"blog-1-post-7098\" class=\"fusion-post-masonry fusion-post-grid fusion-element-grid post-7098 post type-post status-publish format-standard has-post-thumbnail hentry category-les-dates tag-rapports-scientifiques tag-references-fr tag-rendez-vous tag-science-fr tag-sucre-de-datte\">\n<div class=\"fusion-post-wrapper\" style=\"background-color:rgb(255,255,255);border:1px solid #ebeaea;border-bottom-width:3px;\">\n\n<div  class=\"fusion-masonry-element-container fusion-image-wrapper\" style=\"background-image:url(https:\/\/www.bartmaes.eu\/wp-content\/uploads\/2022\/06\/wetenschap-over-dadels.jpg);padding-top:calc((100% + 38px) * 0.8 - 20px);\" aria-haspopup=\"true\">\n\t\n\t\n\t\n\t\t\n\t\t\t\t\t<img decoding=\"async\" width=\"1137\" height=\"853\" src=\"https:\/\/www.bartmaes.eu\/wp-content\/uploads\/2022\/06\/wetenschap-over-dadels.jpg\" class=\"attachment-full size-full wp-post-image\" alt=\"science des dates\" srcset=\"https:\/\/www.bartmaes.eu\/wp-content\/uploads\/2022\/06\/wetenschap-over-dadels-200x150.jpg 200w, https:\/\/www.bartmaes.eu\/wp-content\/uploads\/2022\/06\/wetenschap-over-dadels-400x300.jpg 400w, https:\/\/www.bartmaes.eu\/wp-content\/uploads\/2022\/06\/wetenschap-over-dadels-600x450.jpg 600w, https:\/\/www.bartmaes.eu\/wp-content\/uploads\/2022\/06\/wetenschap-over-dadels-800x600.jpg 800w, https:\/\/www.bartmaes.eu\/wp-content\/uploads\/2022\/06\/wetenschap-over-dadels.jpg 1137w\" sizes=\"(min-width: 2200px) 100vw, (min-width: 784px) 340px, (min-width: 712px) 510px, (min-width: 640px) 712px, \" \/>\n\t\n\n\t\t<div class=\"fusion-rollover\">\n\t<div class=\"fusion-rollover-content\">\n\n\t\t\t\t\n\t\t\n\t\t\t\t\t\t\t\t\t\t\t\t<h4 class=\"fusion-rollover-title\">\n\t\t\t\t\t<a class=\"fusion-rollover-title-link\" href=\"https:\/\/www.bartmaes.eu\/fr\/les-dates\/science-sources-references-about-dates\/\">\n\t\t\t\t\t\tScience, sources, r\u00e9f\u00e9rences sur les dattes et les produits \u00e0 base de dattes tels que le sucre de dattes, la p\u00e2te de dattes et le sirop de dattes\t\t\t\t\t<\/a>\n\t\t\t\t<\/h4>\n\t\t\t\n\t\t\t\t\t\t\t\t\t\t<div class=\"fusion-rollover-categories\"><a href=\"https:\/\/www.bartmaes.eu\/fr\/fichier\/les-dates\/\" rel=\"tag\">Les dates<\/a><\/div>\t\t\t\t\t\n\t\t\n\t\t\t\t\t\t<a class=\"fusion-link-wrapper\" href=\"https:\/\/www.bartmaes.eu\/fr\/les-dates\/science-sources-references-about-dates\/\" aria-label=\"Science, sources, r\u00e9f\u00e9rences sur les dattes et les produits \u00e0 base de dattes tels que le sucre de dattes, la p\u00e2te de dattes et le sirop de dattes\"><\/a>\n\t<\/div>\n<\/div>\n\n\t\n<\/div>\n<div class=\"fusion-post-content-wrapper\" style=\"padding:30px 25px 20px 25px;background-color:rgb(255,255,255);\"><div class=\"fusion-post-content post-content\"><h2 class=\"blog-shortcode-post-title entry-title\"><a href=\"https:\/\/www.bartmaes.eu\/fr\/les-dates\/science-sources-references-about-dates\/\">Science, sources, r\u00e9f\u00e9rences sur les dattes et les produits \u00e0 base de dattes tels que le sucre de dattes, la p\u00e2te de dattes et le sirop de dattes<\/a><\/h2><\/div><\/div><div class=\"fusion-clearfix\"><\/div><\/div>\n<\/article>\n<article id=\"blog-1-post-6111\" class=\"fusion-post-masonry fusion-post-grid fusion-element-grid post-6111 post type-post status-publish format-standard has-post-thumbnail hentry category-polyphenols-fr tag-anti-inflammatoire tag-antioxydant tag-bienfaits-pour-la-sante tag-plante tag-polyphenols-fr tag-radicaux-libres ads-targeting-polyfenolen\">\n<div class=\"fusion-post-wrapper\" style=\"background-color:rgb(255,255,255);border:1px solid #ebeaea;border-bottom-width:3px;\">\n\n<div  class=\"fusion-masonry-element-container fusion-image-wrapper\" style=\"background-image:url(https:\/\/www.bartmaes.eu\/wp-content\/uploads\/2021\/10\/verzameling-groenten.jpg);padding-top:calc((100% + 38px) * 0.8 - 20px);\" aria-haspopup=\"true\">\n\t\n\t\n\t\n\t\t\n\t\t\t\t\t<img decoding=\"async\" width=\"1920\" height=\"1275\" src=\"https:\/\/www.bartmaes.eu\/wp-content\/uploads\/2021\/10\/verzameling-groenten.jpg\" class=\"attachment-full size-full wp-post-image\" alt=\"Polyph\u00e9nols dans les l\u00e9gumes\" srcset=\"https:\/\/www.bartmaes.eu\/wp-content\/uploads\/2021\/10\/verzameling-groenten-200x133.jpg 200w, https:\/\/www.bartmaes.eu\/wp-content\/uploads\/2021\/10\/verzameling-groenten-400x266.jpg 400w, https:\/\/www.bartmaes.eu\/wp-content\/uploads\/2021\/10\/verzameling-groenten-600x398.jpg 600w, https:\/\/www.bartmaes.eu\/wp-content\/uploads\/2021\/10\/verzameling-groenten-800x531.jpg 800w, https:\/\/www.bartmaes.eu\/wp-content\/uploads\/2021\/10\/verzameling-groenten-1200x797.jpg 1200w, https:\/\/www.bartmaes.eu\/wp-content\/uploads\/2021\/10\/verzameling-groenten.jpg 1920w\" sizes=\"(min-width: 2200px) 100vw, (min-width: 784px) 340px, (min-width: 712px) 510px, (min-width: 640px) 712px, \" \/>\n\t\n\n\t\t<div class=\"fusion-rollover\">\n\t<div class=\"fusion-rollover-content\">\n\n\t\t\t\t\n\t\t\n\t\t\t\t\t\t\t\t\t\t\t\t<h4 class=\"fusion-rollover-title\">\n\t\t\t\t\t<a class=\"fusion-rollover-title-link\" href=\"https:\/\/www.bartmaes.eu\/fr\/polyphenols-fr\/que-sont-les-polyphenols\/\">\n\t\t\t\t\t\tQue sont les polyph\u00e9nols ? Leur puissance et leurs avantages.\t\t\t\t\t<\/a>\n\t\t\t\t<\/h4>\n\t\t\t\n\t\t\t\t\t\t\t\t\t\t<div class=\"fusion-rollover-categories\"><a href=\"https:\/\/www.bartmaes.eu\/fr\/fichier\/polyphenols-fr\/\" rel=\"tag\">Polyph\u00e9nols<\/a><\/div>\t\t\t\t\t\n\t\t\n\t\t\t\t\t\t<a class=\"fusion-link-wrapper\" href=\"https:\/\/www.bartmaes.eu\/fr\/polyphenols-fr\/que-sont-les-polyphenols\/\" aria-label=\"Que sont les polyph\u00e9nols ? Leur puissance et leurs avantages.\"><\/a>\n\t<\/div>\n<\/div>\n\n\t\n<\/div>\n<div class=\"fusion-post-content-wrapper\" style=\"padding:30px 25px 20px 25px;background-color:rgb(255,255,255);\"><div class=\"fusion-post-content post-content\"><h2 class=\"blog-shortcode-post-title entry-title\"><a href=\"https:\/\/www.bartmaes.eu\/fr\/polyphenols-fr\/que-sont-les-polyphenols\/\">Que sont les polyph\u00e9nols ? Leur puissance et leurs avantages.<\/a><\/h2><\/div><\/div><div class=\"fusion-clearfix\"><\/div><\/div>\n<\/article>\n<article id=\"blog-1-post-6228\" class=\"fusion-post-masonry fusion-post-grid fusion-element-grid post-6228 post type-post status-publish format-standard has-post-thumbnail hentry category-polyphenols-fr tag-combien-de-polyphenols-par-jour tag-dose-journaliere-recommandee-de-polypherols tag-extrait-de-feuille-dolivier tag-polyphenols-fr tag-risque-de-mort ads-targeting-polyfenolen\">\n<div class=\"fusion-post-wrapper\" style=\"background-color:rgb(255,255,255);border:1px solid #ebeaea;border-bottom-width:3px;\">\n\n<div  class=\"fusion-masonry-element-container fusion-image-wrapper\" style=\"background-image:url(https:\/\/www.bartmaes.eu\/wp-content\/uploads\/2021\/10\/Olijftakken-met-bladeren.jpg);padding-top:calc((100% + 38px) * 0.8 - 20px);\" aria-haspopup=\"true\">\n\t\n\t\n\t\n\t\t\n\t\t\t\t\t<img decoding=\"async\" width=\"1707\" height=\"1280\" src=\"https:\/\/www.bartmaes.eu\/wp-content\/uploads\/2021\/10\/Olijftakken-met-bladeren.jpg\" class=\"attachment-full size-full wp-post-image\" alt=\"Feuille d&#039;olivier 2000 \u00e0 10800 mg de polyph\u00e9nols pour 100 grammes\" srcset=\"https:\/\/www.bartmaes.eu\/wp-content\/uploads\/2021\/10\/Olijftakken-met-bladeren-200x150.jpg 200w, https:\/\/www.bartmaes.eu\/wp-content\/uploads\/2021\/10\/Olijftakken-met-bladeren-400x300.jpg 400w, https:\/\/www.bartmaes.eu\/wp-content\/uploads\/2021\/10\/Olijftakken-met-bladeren-600x450.jpg 600w, https:\/\/www.bartmaes.eu\/wp-content\/uploads\/2021\/10\/Olijftakken-met-bladeren-800x600.jpg 800w, https:\/\/www.bartmaes.eu\/wp-content\/uploads\/2021\/10\/Olijftakken-met-bladeren-1200x900.jpg 1200w, https:\/\/www.bartmaes.eu\/wp-content\/uploads\/2021\/10\/Olijftakken-met-bladeren.jpg 1707w\" sizes=\"(min-width: 2200px) 100vw, (min-width: 784px) 340px, (min-width: 712px) 510px, (min-width: 640px) 712px, \" \/>\n\t\n\n\t\t<div class=\"fusion-rollover\">\n\t<div class=\"fusion-rollover-content\">\n\n\t\t\t\t\n\t\t\n\t\t\t\t\t\t\t\t\t\t\t\t<h4 class=\"fusion-rollover-title\">\n\t\t\t\t\t<a class=\"fusion-rollover-title-link\" href=\"https:\/\/www.bartmaes.eu\/fr\/polyphenols-fr\/combien-de-polyphenols-consommes-par-jour\/\">\n\t\t\t\t\t\tCombien de polyph\u00e9nols manger par jour ?\t\t\t\t\t<\/a>\n\t\t\t\t<\/h4>\n\t\t\t\n\t\t\t\t\t\t\t\t\t\t<div class=\"fusion-rollover-categories\"><a href=\"https:\/\/www.bartmaes.eu\/fr\/fichier\/polyphenols-fr\/\" rel=\"tag\">Polyph\u00e9nols<\/a><\/div>\t\t\t\t\t\n\t\t\n\t\t\t\t\t\t<a class=\"fusion-link-wrapper\" href=\"https:\/\/www.bartmaes.eu\/fr\/polyphenols-fr\/combien-de-polyphenols-consommes-par-jour\/\" aria-label=\"Combien de polyph\u00e9nols manger par jour ?\"><\/a>\n\t<\/div>\n<\/div>\n\n\t\n<\/div>\n<div class=\"fusion-post-content-wrapper\" style=\"padding:30px 25px 20px 25px;background-color:rgb(255,255,255);\"><div class=\"fusion-post-content post-content\"><h2 class=\"blog-shortcode-post-title entry-title\"><a href=\"https:\/\/www.bartmaes.eu\/fr\/polyphenols-fr\/combien-de-polyphenols-consommes-par-jour\/\">Combien de polyph\u00e9nols manger par jour ?<\/a><\/h2><\/div><\/div><div class=\"fusion-clearfix\"><\/div><\/div>\n<\/article>\n<article id=\"blog-1-post-6236\" class=\"fusion-post-masonry fusion-post-grid fusion-element-grid post-6236 post type-post status-publish format-standard has-post-thumbnail hentry category-polyphenols-fr tag-les-6-meilleurs-aliments tag-les-60-meilleurs-aliments tag-les-aliments-les-plus-riches-en-polyphenols tag-polyphenol-fr ads-targeting-polyfenolen\">\n<div class=\"fusion-post-wrapper\" style=\"background-color:rgb(255,255,255);border:1px solid #ebeaea;border-bottom-width:3px;\">\n\n<div  class=\"fusion-masonry-element-container fusion-image-wrapper\" style=\"background-image:url(https:\/\/www.bartmaes.eu\/wp-content\/uploads\/2021\/10\/koffie.jpg);padding-top:calc((100% + 38px) * 0.8 - 20px);\" aria-haspopup=\"true\">\n\t\n\t\n\t\n\t\t\n\t\t\t\t\t<img decoding=\"async\" width=\"1700\" height=\"1275\" src=\"https:\/\/www.bartmaes.eu\/wp-content\/uploads\/2021\/10\/koffie.jpg\" class=\"attachment-full size-full wp-post-image\" alt=\"\" srcset=\"https:\/\/www.bartmaes.eu\/wp-content\/uploads\/2021\/10\/koffie-200x150.jpg 200w, https:\/\/www.bartmaes.eu\/wp-content\/uploads\/2021\/10\/koffie-400x300.jpg 400w, https:\/\/www.bartmaes.eu\/wp-content\/uploads\/2021\/10\/koffie-600x450.jpg 600w, https:\/\/www.bartmaes.eu\/wp-content\/uploads\/2021\/10\/koffie-800x600.jpg 800w, https:\/\/www.bartmaes.eu\/wp-content\/uploads\/2021\/10\/koffie-1200x900.jpg 1200w, https:\/\/www.bartmaes.eu\/wp-content\/uploads\/2021\/10\/koffie.jpg 1700w\" sizes=\"(min-width: 2200px) 100vw, (min-width: 784px) 340px, (min-width: 712px) 510px, (min-width: 640px) 712px, \" \/>\n\t\n\n\t\t<div class=\"fusion-rollover\">\n\t<div class=\"fusion-rollover-content\">\n\n\t\t\t\t\n\t\t\n\t\t\t\t\t\t\t\t\t\t\t\t<h4 class=\"fusion-rollover-title\">\n\t\t\t\t\t<a class=\"fusion-rollover-title-link\" href=\"https:\/\/www.bartmaes.eu\/fr\/polyphenols-fr\/aliments-avec-la-teneur-plus-elevee-a-teneur-totale-en-polyphenols\/\">\n\t\t\t\t\t\tAliments avec la teneur totale en polyph\u00e9nols la plus \u00e9lev\u00e9e.\t\t\t\t\t<\/a>\n\t\t\t\t<\/h4>\n\t\t\t\n\t\t\t\t\t\t\t\t\t\t<div class=\"fusion-rollover-categories\"><a href=\"https:\/\/www.bartmaes.eu\/fr\/fichier\/polyphenols-fr\/\" rel=\"tag\">Polyph\u00e9nols<\/a><\/div>\t\t\t\t\t\n\t\t\n\t\t\t\t\t\t<a class=\"fusion-link-wrapper\" href=\"https:\/\/www.bartmaes.eu\/fr\/polyphenols-fr\/aliments-avec-la-teneur-plus-elevee-a-teneur-totale-en-polyphenols\/\" aria-label=\"Aliments avec la teneur totale en polyph\u00e9nols la plus \u00e9lev\u00e9e.\"><\/a>\n\t<\/div>\n<\/div>\n\n\t\n<\/div>\n<div class=\"fusion-post-content-wrapper\" style=\"padding:30px 25px 20px 25px;background-color:rgb(255,255,255);\"><div class=\"fusion-post-content post-content\"><h2 class=\"blog-shortcode-post-title entry-title\"><a href=\"https:\/\/www.bartmaes.eu\/fr\/polyphenols-fr\/aliments-avec-la-teneur-plus-elevee-a-teneur-totale-en-polyphenols\/\">Aliments avec la teneur totale en polyph\u00e9nols la plus \u00e9lev\u00e9e.<\/a><\/h2><\/div><\/div><div class=\"fusion-clearfix\"><\/div><\/div>\n<\/article>\n<article id=\"blog-1-post-6260\" class=\"fusion-post-masonry fusion-post-grid fusion-element-grid post-6260 post type-post status-publish format-standard has-post-thumbnail hentry category-polyphenols-fr tag-extrait-de-feuille-dolivier tag-hypertension-arterielle tag-oleuropeine tag-olivier tag-pression-arterielle-faible ads-targeting-polyfenolen\">\n<div class=\"fusion-post-wrapper\" style=\"background-color:rgb(255,255,255);border:1px solid #ebeaea;border-bottom-width:3px;\">\n\n<div  class=\"fusion-masonry-element-container fusion-image-wrapper\" style=\"background-image:url(https:\/\/www.bartmaes.eu\/wp-content\/uploads\/2021\/10\/thee-met-olijfblad-extract.jpg);padding-top:calc((100% + 38px) * 0.8 - 20px);\" aria-haspopup=\"true\">\n\t\n\t\n\t\n\t\t\n\t\t\t\t\t<img decoding=\"async\" width=\"1707\" height=\"1280\" src=\"https:\/\/www.bartmaes.eu\/wp-content\/uploads\/2021\/10\/thee-met-olijfblad-extract.jpg\" class=\"attachment-full size-full wp-post-image\" alt=\"boire du th\u00e9 \u00e0 l&#039;extrait de feuille d&#039;olivier\" srcset=\"https:\/\/www.bartmaes.eu\/wp-content\/uploads\/2021\/10\/thee-met-olijfblad-extract-200x150.jpg 200w, https:\/\/www.bartmaes.eu\/wp-content\/uploads\/2021\/10\/thee-met-olijfblad-extract-400x300.jpg 400w, https:\/\/www.bartmaes.eu\/wp-content\/uploads\/2021\/10\/thee-met-olijfblad-extract-600x450.jpg 600w, https:\/\/www.bartmaes.eu\/wp-content\/uploads\/2021\/10\/thee-met-olijfblad-extract-800x600.jpg 800w, https:\/\/www.bartmaes.eu\/wp-content\/uploads\/2021\/10\/thee-met-olijfblad-extract-1200x900.jpg 1200w, https:\/\/www.bartmaes.eu\/wp-content\/uploads\/2021\/10\/thee-met-olijfblad-extract.jpg 1707w\" sizes=\"(min-width: 2200px) 100vw, (min-width: 784px) 340px, (min-width: 712px) 510px, (min-width: 640px) 712px, \" \/>\n\t\n\n\t\t<div class=\"fusion-rollover\">\n\t<div class=\"fusion-rollover-content\">\n\n\t\t\t\t\n\t\t\n\t\t\t\t\t\t\t\t\t\t\t\t<h4 class=\"fusion-rollover-title\">\n\t\t\t\t\t<a class=\"fusion-rollover-title-link\" href=\"https:\/\/www.bartmaes.eu\/fr\/polyphenols-fr\/extrait-de-feuille-dolivier-pour-leternelle-jeunesse\/\">\n\t\t\t\t\t\tExtrait de feuille d&rsquo;olivier pour une jeunesse \u00e9ternelle ?\t\t\t\t\t<\/a>\n\t\t\t\t<\/h4>\n\t\t\t\n\t\t\t\t\t\t\t\t\t\t<div class=\"fusion-rollover-categories\"><a href=\"https:\/\/www.bartmaes.eu\/fr\/fichier\/polyphenols-fr\/\" rel=\"tag\">Polyph\u00e9nols<\/a><\/div>\t\t\t\t\t\n\t\t\n\t\t\t\t\t\t<a class=\"fusion-link-wrapper\" href=\"https:\/\/www.bartmaes.eu\/fr\/polyphenols-fr\/extrait-de-feuille-dolivier-pour-leternelle-jeunesse\/\" aria-label=\"Extrait de feuille d&rsquo;olivier pour une jeunesse \u00e9ternelle ?\"><\/a>\n\t<\/div>\n<\/div>\n\n\t\n<\/div>\n<div class=\"fusion-post-content-wrapper\" style=\"padding:30px 25px 20px 25px;background-color:rgb(255,255,255);\"><div class=\"fusion-post-content post-content\"><h2 class=\"blog-shortcode-post-title entry-title\"><a href=\"https:\/\/www.bartmaes.eu\/fr\/polyphenols-fr\/extrait-de-feuille-dolivier-pour-leternelle-jeunesse\/\">Extrait de feuille d&rsquo;olivier pour une jeunesse \u00e9ternelle ?<\/a><\/h2><\/div><\/div><div class=\"fusion-clearfix\"><\/div><\/div>\n<\/article>\n<article id=\"blog-1-post-6248\" class=\"fusion-post-masonry fusion-post-grid fusion-element-grid post-6248 post type-post status-publish format-standard has-post-thumbnail hentry category-polyphenols-fr tag-caillots-sanguins tag-coeur-et-vaisseaux tag-polyphenols-fr tag-pression-arterielle tag-sclerose-arterielle ads-targeting-polyfenolen\">\n<div class=\"fusion-post-wrapper\" style=\"background-color:rgb(255,255,255);border:1px solid #ebeaea;border-bottom-width:3px;\">\n\n<div  class=\"fusion-masonry-element-container fusion-image-wrapper\" style=\"background-image:url(https:\/\/www.bartmaes.eu\/wp-content\/uploads\/2021\/10\/olijfolie-met-groenten-en-kruiden.jpg);padding-top:calc((100% + 38px) * 0.8 - 20px);\" aria-haspopup=\"true\">\n\t\n\t\n\t\n\t\t\n\t\t\t\t\t<img decoding=\"async\" width=\"1695\" height=\"1271\" src=\"https:\/\/www.bartmaes.eu\/wp-content\/uploads\/2021\/10\/olijfolie-met-groenten-en-kruiden.jpg\" class=\"attachment-full size-full wp-post-image\" alt=\"Le r\u00e9gime m\u00e9diterran\u00e9en riche en polyph\u00e9nols renforce le c\u0153ur et les vaisseaux sanguins\" srcset=\"https:\/\/www.bartmaes.eu\/wp-content\/uploads\/2021\/10\/olijfolie-met-groenten-en-kruiden-200x150.jpg 200w, https:\/\/www.bartmaes.eu\/wp-content\/uploads\/2021\/10\/olijfolie-met-groenten-en-kruiden-400x300.jpg 400w, https:\/\/www.bartmaes.eu\/wp-content\/uploads\/2021\/10\/olijfolie-met-groenten-en-kruiden-600x450.jpg 600w, https:\/\/www.bartmaes.eu\/wp-content\/uploads\/2021\/10\/olijfolie-met-groenten-en-kruiden-800x600.jpg 800w, https:\/\/www.bartmaes.eu\/wp-content\/uploads\/2021\/10\/olijfolie-met-groenten-en-kruiden-1200x900.jpg 1200w, https:\/\/www.bartmaes.eu\/wp-content\/uploads\/2021\/10\/olijfolie-met-groenten-en-kruiden.jpg 1695w\" sizes=\"(min-width: 2200px) 100vw, (min-width: 784px) 340px, (min-width: 712px) 510px, (min-width: 640px) 712px, \" \/>\n\t\n\n\t\t<div class=\"fusion-rollover\">\n\t<div class=\"fusion-rollover-content\">\n\n\t\t\t\t\n\t\t\n\t\t\t\t\t\t\t\t\t\t\t\t<h4 class=\"fusion-rollover-title\">\n\t\t\t\t\t<a class=\"fusion-rollover-title-link\" href=\"https:\/\/www.bartmaes.eu\/fr\/polyphenols-fr\/les-polyphenols-renforcent-les-vaisseaux-cardiaques-et-sanguins\/\">\n\t\t\t\t\t\tLes polyph\u00e9nols renforcent le c\u0153ur et les vaisseaux sanguins\t\t\t\t\t<\/a>\n\t\t\t\t<\/h4>\n\t\t\t\n\t\t\t\t\t\t\t\t\t\t<div class=\"fusion-rollover-categories\"><a href=\"https:\/\/www.bartmaes.eu\/fr\/fichier\/polyphenols-fr\/\" rel=\"tag\">Polyph\u00e9nols<\/a><\/div>\t\t\t\t\t\n\t\t\n\t\t\t\t\t\t<a class=\"fusion-link-wrapper\" href=\"https:\/\/www.bartmaes.eu\/fr\/polyphenols-fr\/les-polyphenols-renforcent-les-vaisseaux-cardiaques-et-sanguins\/\" aria-label=\"Les polyph\u00e9nols renforcent le c\u0153ur et les vaisseaux sanguins\"><\/a>\n\t<\/div>\n<\/div>\n\n\t\n<\/div>\n<div class=\"fusion-post-content-wrapper\" style=\"padding:30px 25px 20px 25px;background-color:rgb(255,255,255);\"><div class=\"fusion-post-content post-content\"><h2 class=\"blog-shortcode-post-title entry-title\"><a href=\"https:\/\/www.bartmaes.eu\/fr\/polyphenols-fr\/les-polyphenols-renforcent-les-vaisseaux-cardiaques-et-sanguins\/\">Les polyph\u00e9nols renforcent le c\u0153ur et les vaisseaux sanguins<\/a><\/h2><\/div><\/div><div class=\"fusion-clearfix\"><\/div><\/div>\n<\/article>\n<article id=\"blog-1-post-6117\" class=\"fusion-post-masonry fusion-post-grid fusion-element-grid post-6117 post type-post status-publish format-standard has-post-thumbnail hentry category-allgemein tag-hydroxytyrosol-fr tag-oleocanthal-fr tag-oleuropein-fr tag-olivenoel tag-polyphenole-fr ads-targeting-polyfenolen\">\n<div class=\"fusion-post-wrapper\" style=\"background-color:rgb(255,255,255);border:1px solid #ebeaea;border-bottom-width:3px;\">\n\n<div  class=\"fusion-masonry-element-container fusion-image-wrapper\" style=\"background-image:url(https:\/\/www.bartmaes.eu\/wp-content\/uploads\/2021\/10\/olijfboom.jpg);padding-top:calc((100% + 38px) * 0.8 - 20px);\" aria-haspopup=\"true\">\n\t\n\t\n\t\n\t\t\n\t\t\t\t\t<img decoding=\"async\" width=\"1707\" height=\"1280\" src=\"https:\/\/www.bartmaes.eu\/wp-content\/uploads\/2021\/10\/olijfboom.jpg\" class=\"attachment-full size-full wp-post-image\" alt=\"Les feuilles de l&#039;olivier semblent contenir plus de polyph\u00e9nols que les olives\" srcset=\"https:\/\/www.bartmaes.eu\/wp-content\/uploads\/2021\/10\/olijfboom-200x150.jpg 200w, https:\/\/www.bartmaes.eu\/wp-content\/uploads\/2021\/10\/olijfboom-400x300.jpg 400w, https:\/\/www.bartmaes.eu\/wp-content\/uploads\/2021\/10\/olijfboom-600x450.jpg 600w, https:\/\/www.bartmaes.eu\/wp-content\/uploads\/2021\/10\/olijfboom-800x600.jpg 800w, https:\/\/www.bartmaes.eu\/wp-content\/uploads\/2021\/10\/olijfboom-1200x900.jpg 1200w, https:\/\/www.bartmaes.eu\/wp-content\/uploads\/2021\/10\/olijfboom.jpg 1707w\" sizes=\"(min-width: 2200px) 100vw, (min-width: 784px) 340px, (min-width: 712px) 510px, (min-width: 640px) 712px, \" \/>\n\t\n\n\t\t<div class=\"fusion-rollover\">\n\t<div class=\"fusion-rollover-content\">\n\n\t\t\t\t\n\t\t\n\t\t\t\t\t\t\t\t\t\t\t\t<h4 class=\"fusion-rollover-title\">\n\t\t\t\t\t<a class=\"fusion-rollover-title-link\" href=\"https:\/\/www.bartmaes.eu\/fr\/allgemein\/les-feuilles-de-l-olivier-contiennent-plus-de-polyphenol-que-d-olives\/\">\n\t\t\t\t\t\tLes feuilles de l&rsquo;olivier semblent contenir plus de polyph\u00e9nols que les olives\t\t\t\t\t<\/a>\n\t\t\t\t<\/h4>\n\t\t\t\n\t\t\t\t\t\t\t\t\t\t<div class=\"fusion-rollover-categories\"><a href=\"https:\/\/www.bartmaes.eu\/de\/datei\/allgemein\/\" rel=\"tag\">Allgemein<\/a><\/div>\t\t\t\t\t\n\t\t\n\t\t\t\t\t\t<a class=\"fusion-link-wrapper\" href=\"https:\/\/www.bartmaes.eu\/fr\/allgemein\/les-feuilles-de-l-olivier-contiennent-plus-de-polyphenol-que-d-olives\/\" aria-label=\"Les feuilles de l&rsquo;olivier semblent contenir plus de polyph\u00e9nols que les olives\"><\/a>\n\t<\/div>\n<\/div>\n\n\t\n<\/div>\n<div class=\"fusion-post-content-wrapper\" style=\"padding:30px 25px 20px 25px;background-color:rgb(255,255,255);\"><div class=\"fusion-post-content post-content\"><h2 class=\"blog-shortcode-post-title entry-title\"><a href=\"https:\/\/www.bartmaes.eu\/fr\/allgemein\/les-feuilles-de-l-olivier-contiennent-plus-de-polyphenol-que-d-olives\/\">Les feuilles de l&rsquo;olivier semblent contenir plus de polyph\u00e9nols que les olives<\/a><\/h2><\/div><\/div><div class=\"fusion-clearfix\"><\/div><\/div>\n<\/article>\n<article id=\"blog-1-post-6218\" class=\"fusion-post-masonry fusion-post-grid fusion-element-grid post-6218 post type-post status-publish format-standard has-post-thumbnail hentry category-huile-de-coco category-polyphenols-fr tag-huile-de-coco-extra-vierge tag-huile-de-noix-de-coco-et-polyphenols tag-maladies-cardiovasculaires tag-polyphenols-dans-lhuile-de-coco tag-systeme-immunitaire ads-targeting-kokosolie\">\n<div class=\"fusion-post-wrapper\" style=\"background-color:rgb(255,255,255);border:1px solid #ebeaea;border-bottom-width:3px;\">\n\n<div  class=\"fusion-masonry-element-container fusion-image-wrapper\" style=\"background-image:url(https:\/\/www.bartmaes.eu\/wp-content\/uploads\/2017\/07\/kokosolie-wit.jpg);padding-top:calc((100% + 38px) * 0.8 - 20px);\" aria-haspopup=\"true\">\n\t\n\t\n\t\n\t\t\n\t\t\t\t\t<img decoding=\"async\" width=\"960\" height=\"640\" src=\"https:\/\/www.bartmaes.eu\/wp-content\/uploads\/2017\/07\/kokosolie-wit.jpg\" class=\"attachment-full size-full wp-post-image\" alt=\"L&#039;huile de coco a de nombreuses utilisations telles que lubrifiant, huile de massage, dentifrice, comme masque capillaire.\" srcset=\"https:\/\/www.bartmaes.eu\/wp-content\/uploads\/2017\/07\/kokosolie-wit-200x133.jpg 200w, https:\/\/www.bartmaes.eu\/wp-content\/uploads\/2017\/07\/kokosolie-wit-400x267.jpg 400w, https:\/\/www.bartmaes.eu\/wp-content\/uploads\/2017\/07\/kokosolie-wit-600x400.jpg 600w, https:\/\/www.bartmaes.eu\/wp-content\/uploads\/2017\/07\/kokosolie-wit-800x533.jpg 800w, https:\/\/www.bartmaes.eu\/wp-content\/uploads\/2017\/07\/kokosolie-wit.jpg 960w\" sizes=\"(min-width: 2200px) 100vw, (min-width: 784px) 340px, (min-width: 712px) 510px, (min-width: 640px) 712px, \" \/>\n\t\n\n\t\t<div class=\"fusion-rollover\">\n\t<div class=\"fusion-rollover-content\">\n\n\t\t\t\t\n\t\t\n\t\t\t\t\t\t\t\t\t\t\t\t<h4 class=\"fusion-rollover-title\">\n\t\t\t\t\t<a class=\"fusion-rollover-title-link\" href=\"https:\/\/www.bartmaes.eu\/fr\/huile-de-coco\/is-extra-vierge-huile-de-coco-riche-en-polyphenols\/\">\n\t\t\t\t\t\tL&rsquo;huile de coco extra vierge est-elle riche en polyph\u00e9nols ?\t\t\t\t\t<\/a>\n\t\t\t\t<\/h4>\n\t\t\t\n\t\t\t\t\t\t\t\t\t\t<div class=\"fusion-rollover-categories\"><a href=\"https:\/\/www.bartmaes.eu\/fr\/fichier\/huile-de-coco\/\" rel=\"tag\">Huile de coco<\/a>, <a href=\"https:\/\/www.bartmaes.eu\/fr\/fichier\/polyphenols-fr\/\" rel=\"tag\">Polyph\u00e9nols<\/a><\/div>\t\t\t\t\t\n\t\t\n\t\t\t\t\t\t<a class=\"fusion-link-wrapper\" href=\"https:\/\/www.bartmaes.eu\/fr\/huile-de-coco\/is-extra-vierge-huile-de-coco-riche-en-polyphenols\/\" aria-label=\"L&rsquo;huile de coco extra vierge est-elle riche en polyph\u00e9nols ?\"><\/a>\n\t<\/div>\n<\/div>\n\n\t\n<\/div>\n<div class=\"fusion-post-content-wrapper\" style=\"padding:30px 25px 20px 25px;background-color:rgb(255,255,255);\"><div class=\"fusion-post-content post-content\"><h2 class=\"blog-shortcode-post-title entry-title\"><a href=\"https:\/\/www.bartmaes.eu\/fr\/huile-de-coco\/is-extra-vierge-huile-de-coco-riche-en-polyphenols\/\">L&rsquo;huile de coco extra vierge est-elle riche en polyph\u00e9nols ?<\/a><\/h2><\/div><\/div><div class=\"fusion-clearfix\"><\/div><\/div>\n<\/article>\n<article id=\"blog-1-post-6105\" class=\"fusion-post-masonry fusion-post-grid fusion-element-grid post-6105 post type-post status-publish format-standard has-post-thumbnail hentry category-polyphenols-fr tag-etudes tag-extrait-de-feuille-dolivier tag-herbes-medicinales tag-vitamine-c ads-targeting-polyfenolen\">\n<div class=\"fusion-post-wrapper\" style=\"background-color:rgb(255,255,255);border:1px solid #ebeaea;border-bottom-width:3px;\">\n\n<div  class=\"fusion-masonry-element-container fusion-image-wrapper\" style=\"background-image:url(https:\/\/www.bartmaes.eu\/wp-content\/uploads\/2021\/10\/Olijftakken-met-bladeren.jpg);padding-top:calc((100% + 38px) * 0.8 - 20px);\" aria-haspopup=\"true\">\n\t\n\t\n\t\n\t\t\n\t\t\t\t\t<img decoding=\"async\" width=\"1707\" height=\"1280\" src=\"https:\/\/www.bartmaes.eu\/wp-content\/uploads\/2021\/10\/Olijftakken-met-bladeren.jpg\" class=\"attachment-full size-full wp-post-image\" alt=\"Feuille d&#039;olivier 2000 \u00e0 10800 mg de polyph\u00e9nols pour 100 grammes\" srcset=\"https:\/\/www.bartmaes.eu\/wp-content\/uploads\/2021\/10\/Olijftakken-met-bladeren-200x150.jpg 200w, https:\/\/www.bartmaes.eu\/wp-content\/uploads\/2021\/10\/Olijftakken-met-bladeren-400x300.jpg 400w, https:\/\/www.bartmaes.eu\/wp-content\/uploads\/2021\/10\/Olijftakken-met-bladeren-600x450.jpg 600w, https:\/\/www.bartmaes.eu\/wp-content\/uploads\/2021\/10\/Olijftakken-met-bladeren-800x600.jpg 800w, https:\/\/www.bartmaes.eu\/wp-content\/uploads\/2021\/10\/Olijftakken-met-bladeren-1200x900.jpg 1200w, https:\/\/www.bartmaes.eu\/wp-content\/uploads\/2021\/10\/Olijftakken-met-bladeren.jpg 1707w\" sizes=\"(min-width: 2200px) 100vw, (min-width: 784px) 340px, (min-width: 712px) 510px, (min-width: 640px) 712px, \" \/>\n\t\n\n\t\t<div class=\"fusion-rollover\">\n\t<div class=\"fusion-rollover-content\">\n\n\t\t\t\t\n\t\t\n\t\t\t\t\t\t\t\t\t\t\t\t<h4 class=\"fusion-rollover-title\">\n\t\t\t\t\t<a class=\"fusion-rollover-title-link\" href=\"https:\/\/www.bartmaes.eu\/fr\/polyphenols-fr\/les-avantages-scientifiquement-prouves-de-lextrait-de-feuille-dolivier\/\">\n\t\t\t\t\t\tLes bienfaits scientifiquement prouv\u00e9s de l&rsquo;extrait de feuille d&rsquo;olivier\t\t\t\t\t<\/a>\n\t\t\t\t<\/h4>\n\t\t\t\n\t\t\t\t\t\t\t\t\t\t<div class=\"fusion-rollover-categories\"><a href=\"https:\/\/www.bartmaes.eu\/fr\/fichier\/polyphenols-fr\/\" rel=\"tag\">Polyph\u00e9nols<\/a><\/div>\t\t\t\t\t\n\t\t\n\t\t\t\t\t\t<a class=\"fusion-link-wrapper\" href=\"https:\/\/www.bartmaes.eu\/fr\/polyphenols-fr\/les-avantages-scientifiquement-prouves-de-lextrait-de-feuille-dolivier\/\" aria-label=\"Les bienfaits scientifiquement prouv\u00e9s de l&rsquo;extrait de feuille d&rsquo;olivier\"><\/a>\n\t<\/div>\n<\/div>\n\n\t\n<\/div>\n<div class=\"fusion-post-content-wrapper\" style=\"padding:30px 25px 20px 25px;background-color:rgb(255,255,255);\"><div class=\"fusion-post-content post-content\"><h2 class=\"blog-shortcode-post-title entry-title\"><a href=\"https:\/\/www.bartmaes.eu\/fr\/polyphenols-fr\/les-avantages-scientifiquement-prouves-de-lextrait-de-feuille-dolivier\/\">Les bienfaits scientifiquement prouv\u00e9s de l&rsquo;extrait de feuille d&rsquo;olivier<\/a><\/h2><\/div><\/div><div class=\"fusion-clearfix\"><\/div><\/div>\n<\/article>\n<div class=\"fusion-clearfix\"><\/div><\/div><div class=\"fusion-infinite-scroll-trigger\"><\/div><div class=\"pagination infinite-scroll clearfix\" style=\"display:none;\"><span class=\"current\">1<\/span><a href=\"https:\/\/www.bartmaes.eu\/fr\/wp-json\/wp\/v2\/pages\/3593\/page\/2\/\" class=\"inactive\">2<\/a><a class=\"pagination-next\" rel=\"next\" href=\"https:\/\/www.bartmaes.eu\/fr\/wp-json\/wp\/v2\/pages\/3593\/page\/2\/\"><span class=\"page-text\">Next<\/span><span class=\"page-next\"><\/span><\/a><\/div><div class=\"fusion-clearfix\"><\/div><button class=\"fusion-load-more-button fusion-blog-button fusion-clearfix\">Load More Posts<\/button><\/div><div class=\"fusion-clearfix\"><\/div><\/div><\/div><\/div><\/div>\n","protected":false},"excerpt":{"rendered":"","protected":false},"author":5,"featured_media":0,"parent":0,"menu_order":0,"comment_status":"closed","ping_status":"closed","template":"","meta":{"footnotes":""},"yoast_head":"<!-- This site is optimized with the Yoast SEO plugin v19.13 - https:\/\/yoast.com\/wordpress\/plugins\/seo\/ -->\n<title>fichier - Bart Maes<\/title>\n<meta name=\"description\" content=\"Consultez les diff\u00e9rents fichiers sur freedomofhealth.eu. Lisez et jugez vous-m\u00eame de ce qu\u2019est la sant\u00e9 et l\u2019alimentation saine.\" \/>\n<meta name=\"robots\" content=\"index, follow, max-snippet:-1, max-image-preview:large, max-video-preview:-1\" \/>\n<link rel=\"canonical\" href=\"https:\/\/www.bartmaes.eu\/fr\/fichier\/\" \/>\n<meta property=\"og:locale\" content=\"fr_FR\" \/>\n<meta property=\"og:type\" content=\"article\" \/>\n<meta property=\"og:title\" content=\"fichier - Bart Maes\" \/>\n<meta property=\"og:description\" content=\"Consultez les diff\u00e9rents fichiers sur freedomofhealth.eu. Lisez et jugez vous-m\u00eame de ce qu\u2019est la sant\u00e9 et l\u2019alimentation saine.\" \/>\n<meta property=\"og:url\" content=\"https:\/\/www.bartmaes.eu\/fr\/fichier\/\" \/>\n<meta property=\"og:site_name\" content=\"Bart Maes\" \/>\n<meta property=\"article:modified_time\" content=\"2022-01-26T11:24:11+00:00\" \/>\n<meta name=\"twitter:card\" content=\"summary_large_image\" \/>\n<script type=\"application\/ld+json\" class=\"yoast-schema-graph\">{\"@context\":\"https:\/\/schema.org\",\"@graph\":[{\"@type\":\"WebPage\",\"@id\":\"https:\/\/www.bartmaes.eu\/fr\/fichier\/\",\"url\":\"https:\/\/www.bartmaes.eu\/fr\/fichier\/\",\"name\":\"fichier - Bart Maes\",\"isPartOf\":{\"@id\":\"https:\/\/www.bartmaes.eu\/fr\/#website\"},\"datePublished\":\"2019-10-23T08:31:12+00:00\",\"dateModified\":\"2022-01-26T11:24:11+00:00\",\"description\":\"Consultez les diff\u00e9rents fichiers sur freedomofhealth.eu. Lisez et jugez vous-m\u00eame de ce qu\u2019est la sant\u00e9 et l\u2019alimentation saine.\",\"breadcrumb\":{\"@id\":\"https:\/\/www.bartmaes.eu\/fr\/fichier\/#breadcrumb\"},\"inLanguage\":\"fr-FR\",\"potentialAction\":[{\"@type\":\"ReadAction\",\"target\":[\"https:\/\/www.bartmaes.eu\/fr\/fichier\/\"]}]},{\"@type\":\"BreadcrumbList\",\"@id\":\"https:\/\/www.bartmaes.eu\/fr\/fichier\/#breadcrumb\",\"itemListElement\":[{\"@type\":\"ListItem\",\"position\":1,\"name\":\"Home\",\"item\":\"https:\/\/www.bartmaes.eu\/fr\/\"},{\"@type\":\"ListItem\",\"position\":2,\"name\":\"fichier\"}]},{\"@type\":\"WebSite\",\"@id\":\"https:\/\/www.bartmaes.eu\/fr\/#website\",\"url\":\"https:\/\/www.bartmaes.eu\/fr\/\",\"name\":\"Bart Maes\",\"description\":\"Freedom of Health\",\"publisher\":{\"@id\":\"https:\/\/www.bartmaes.eu\/fr\/#\/schema\/person\/494aac885bbf4cdfe56659fdabd4e59a\"},\"potentialAction\":[{\"@type\":\"SearchAction\",\"target\":{\"@type\":\"EntryPoint\",\"urlTemplate\":\"https:\/\/www.bartmaes.eu\/fr\/?s={search_term_string}\"},\"query-input\":\"required name=search_term_string\"}],\"inLanguage\":\"fr-FR\"},{\"@type\":[\"Person\",\"Organization\"],\"@id\":\"https:\/\/www.bartmaes.eu\/fr\/#\/schema\/person\/494aac885bbf4cdfe56659fdabd4e59a\",\"name\":\"Bart Maes\",\"image\":{\"@type\":\"ImageObject\",\"inLanguage\":\"fr-FR\",\"@id\":\"https:\/\/www.bartmaes.eu\/fr\/#\/schema\/person\/image\/\",\"url\":\"https:\/\/www.bartmaes.eu\/wp-content\/uploads\/2020\/09\/Bart-Maes-is-de-Bio-Veggie-Man.png\",\"contentUrl\":\"https:\/\/www.bartmaes.eu\/wp-content\/uploads\/2020\/09\/Bart-Maes-is-de-Bio-Veggie-Man.png\",\"width\":600,\"height\":800,\"caption\":\"Bart Maes\"},\"logo\":{\"@id\":\"https:\/\/www.bartmaes.eu\/fr\/#\/schema\/person\/image\/\"}}]}<\/script>\n<!-- \/ Yoast SEO plugin. -->","yoast_head_json":{"title":"fichier - Bart Maes","description":"Consultez les diff\u00e9rents fichiers sur freedomofhealth.eu. Lisez et jugez vous-m\u00eame de ce qu\u2019est la sant\u00e9 et l\u2019alimentation saine.","robots":{"index":"index","follow":"follow","max-snippet":"max-snippet:-1","max-image-preview":"max-image-preview:large","max-video-preview":"max-video-preview:-1"},"canonical":"https:\/\/www.bartmaes.eu\/fr\/fichier\/","og_locale":"fr_FR","og_type":"article","og_title":"fichier - Bart Maes","og_description":"Consultez les diff\u00e9rents fichiers sur freedomofhealth.eu. Lisez et jugez vous-m\u00eame de ce qu\u2019est la sant\u00e9 et l\u2019alimentation saine.","og_url":"https:\/\/www.bartmaes.eu\/fr\/fichier\/","og_site_name":"Bart Maes","article_modified_time":"2022-01-26T11:24:11+00:00","twitter_card":"summary_large_image","schema":{"@context":"https:\/\/schema.org","@graph":[{"@type":"WebPage","@id":"https:\/\/www.bartmaes.eu\/fr\/fichier\/","url":"https:\/\/www.bartmaes.eu\/fr\/fichier\/","name":"fichier - Bart Maes","isPartOf":{"@id":"https:\/\/www.bartmaes.eu\/fr\/#website"},"datePublished":"2019-10-23T08:31:12+00:00","dateModified":"2022-01-26T11:24:11+00:00","description":"Consultez les diff\u00e9rents fichiers sur freedomofhealth.eu. Lisez et jugez vous-m\u00eame de ce qu\u2019est la sant\u00e9 et l\u2019alimentation saine.","breadcrumb":{"@id":"https:\/\/www.bartmaes.eu\/fr\/fichier\/#breadcrumb"},"inLanguage":"fr-FR","potentialAction":[{"@type":"ReadAction","target":["https:\/\/www.bartmaes.eu\/fr\/fichier\/"]}]},{"@type":"BreadcrumbList","@id":"https:\/\/www.bartmaes.eu\/fr\/fichier\/#breadcrumb","itemListElement":[{"@type":"ListItem","position":1,"name":"Home","item":"https:\/\/www.bartmaes.eu\/fr\/"},{"@type":"ListItem","position":2,"name":"fichier"}]},{"@type":"WebSite","@id":"https:\/\/www.bartmaes.eu\/fr\/#website","url":"https:\/\/www.bartmaes.eu\/fr\/","name":"Bart Maes","description":"Freedom of Health","publisher":{"@id":"https:\/\/www.bartmaes.eu\/fr\/#\/schema\/person\/494aac885bbf4cdfe56659fdabd4e59a"},"potentialAction":[{"@type":"SearchAction","target":{"@type":"EntryPoint","urlTemplate":"https:\/\/www.bartmaes.eu\/fr\/?s={search_term_string}"},"query-input":"required name=search_term_string"}],"inLanguage":"fr-FR"},{"@type":["Person","Organization"],"@id":"https:\/\/www.bartmaes.eu\/fr\/#\/schema\/person\/494aac885bbf4cdfe56659fdabd4e59a","name":"Bart Maes","image":{"@type":"ImageObject","inLanguage":"fr-FR","@id":"https:\/\/www.bartmaes.eu\/fr\/#\/schema\/person\/image\/","url":"https:\/\/www.bartmaes.eu\/wp-content\/uploads\/2020\/09\/Bart-Maes-is-de-Bio-Veggie-Man.png","contentUrl":"https:\/\/www.bartmaes.eu\/wp-content\/uploads\/2020\/09\/Bart-Maes-is-de-Bio-Veggie-Man.png","width":600,"height":800,"caption":"Bart Maes"},"logo":{"@id":"https:\/\/www.bartmaes.eu\/fr\/#\/schema\/person\/image\/"}}]}},"_links":{"self":[{"href":"https:\/\/www.bartmaes.eu\/fr\/wp-json\/wp\/v2\/pages\/3593"}],"collection":[{"href":"https:\/\/www.bartmaes.eu\/fr\/wp-json\/wp\/v2\/pages"}],"about":[{"href":"https:\/\/www.bartmaes.eu\/fr\/wp-json\/wp\/v2\/types\/page"}],"author":[{"embeddable":true,"href":"https:\/\/www.bartmaes.eu\/fr\/wp-json\/wp\/v2\/users\/5"}],"replies":[{"embeddable":true,"href":"https:\/\/www.bartmaes.eu\/fr\/wp-json\/wp\/v2\/comments?post=3593"}],"version-history":[{"count":2,"href":"https:\/\/www.bartmaes.eu\/fr\/wp-json\/wp\/v2\/pages\/3593\/revisions"}],"predecessor-version":[{"id":6812,"href":"https:\/\/www.bartmaes.eu\/fr\/wp-json\/wp\/v2\/pages\/3593\/revisions\/6812"}],"wp:attachment":[{"href":"https:\/\/www.bartmaes.eu\/fr\/wp-json\/wp\/v2\/media?parent=3593"}],"curies":[{"name":"wp","href":"https:\/\/api.w.org\/{rel}","templated":true}]}}